{"id":9,"date":"2013-01-01T13:55:26","date_gmt":"2013-01-01T12:55:26","guid":{"rendered":"http:\/\/sy.localhost.se\/?page_id=9"},"modified":"2015-11-23T16:39:28","modified_gmt":"2015-11-23T15:39:28","slug":"om-elsbth","status":"publish","type":"page","link":"http:\/\/elsbth.se\/sy\/om-elsbth\/","title":{"rendered":"om elsbth och denna blogg"},"content":{"rendered":"<p><img loading=\"lazy\" decoding=\"async\" class=\"alignright size-full wp-image-161\" src=\"http:\/\/elsbth.se\/sy\/wp-content\/uploads\/2013\/01\/elsbth-profil-2.jpg\" alt=\"elsbth profilbild\" width=\"200\" height=\"200\" srcset=\"http:\/\/elsbth.se\/sy\/wp-content\/uploads\/2013\/01\/elsbth-profil-2.jpg 200w, http:\/\/elsbth.se\/sy\/wp-content\/uploads\/2013\/01\/elsbth-profil-2-150x150.jpg 150w\" sizes=\"auto, (max-width: 200px) 100vw, 200px\" \/>Mitt namn \u00e4r Elisabeth, f\u00f6rkortas elsbth. Jag tycker om att sy och skapa. Det \u00e4r min st\u00f6rsta hobby.<\/p>\n<h2 style=\"clear: none;\">2013<\/h2>\n<p>Under 2013 ska jag (f\u00f6rs\u00f6ka) l\u00e4gga mer fokus p\u00e5 denna hobby. I det ing\u00e5r att jag ska dokumentera och skriva om allt jag g\u00f6r och har gjort tidigare. Jag ska sy mer kl\u00e4der till mig sj\u00e4lv och l\u00e4ra mig fler tekniker inom s\u00f6mnad, stickning och virkning. Till min hj\u00e4lp kommer jag ha tidningar och b\u00f6cker med tips och beskrivningar. Jag ser detta projekt som ett slags ny\u00e5rsl\u00f6fte som ska f\u00f6lja med under hela \u00e5ret.<\/p>\n<p>N\u00e4r varje m\u00e5nad i projektet har g\u00e5tt sammanfattar jag vad jag gjort, mina tankar och vad som \u00e4r p\u00e5 g\u00e5ng till n\u00e4sta m\u00e5nad. <a href=\"http:\/\/elsbth.se\/sy\/kategori\/manaden-som-gatt\/\">L\u00e4s om m\u00e5naderna som g\u00e5tt<\/a>.<\/p>\n<h2>2014<\/h2>\n<p>Jag forts\u00e4tter med handarbetet och f\u00f6rs\u00f6ker h\u00e5lla bloggen uppdaterad s\u00e5 gott det g\u00e5r.<\/p>\n<h2>elsbth p\u00e5 \u00f6vriga Internet<\/h2>\n<ul>\n<li><a title=\"Min profil p\u00e5 sysidan.se\" href=\"http:\/\/www.sysidan.se\/member\/view.htm?ID=10884\" target=\"_blank\">Min profil p\u00e5 sysidan.se<\/a>\u00a0&#8211; Denna blogg ska bli mycket matigare \u00e4n profilen p\u00e5 Sysidan<\/li>\n<li><a title=\"Min profil p\u00e5 ravelry.com\" href=\"http:\/\/www.ravelry.com\/people\/elsbth\" target=\"_blank\">Min profil p\u00e5 ravelry.com<\/a>\u00a0(<em>endast f\u00f6r inloggade medlemmar p\u00e5 Ravelry<\/em>) &#8211; ett stick- och virk-community p\u00e5 engelska d\u00e4r jag registrerade mig som en del av detta bloggprojekt<\/li>\n<li><a title=\"Stickklubben i G\u00f6teborg\" href=\"http:\/\/stickklubbengbg.wordpress.com\/\" target=\"_blank\">Stickklubben i G\u00f6teborg<\/a> &#8211; Stickglada m\u00e4nniskor som tr\u00e4ffas och pratar stickning och allt m\u00f6jligt.<\/li>\n<\/ul>\n<p>&nbsp;<\/p>\n","protected":false},"excerpt":{"rendered":"<p>Mitt namn \u00e4r Elisabeth, f\u00f6rkortas elsbth. Jag tycker om att sy och skapa. Det \u00e4r min st\u00f6rsta hobby. 2013 Under 2013 ska jag (f\u00f6rs\u00f6ka) l\u00e4gga mer fokus p\u00e5 denna hobby. I det ing\u00e5r att jag ska dokumentera och skriva om allt jag g\u00f6r och har gjort tidigare. Jag ska sy mer kl\u00e4der till mig sj\u00e4lv [&hellip;]<\/p>\n","protected":false},"author":1,"featured_media":0,"parent":0,"menu_order":0,"comment_status":"closed","ping_status":"closed","template":"","meta":{"footnotes":""},"class_list":["post-9","page","type-page","status-publish","hentry"],"_links":{"self":[{"href":"http:\/\/elsbth.se\/sy\/wp-json\/wp\/v2\/pages\/9","targetHints":{"allow":["GET"]}}],"collection":[{"href":"http:\/\/elsbth.se\/sy\/wp-json\/wp\/v2\/pages"}],"about":[{"href":"http:\/\/elsbth.se\/sy\/wp-json\/wp\/v2\/types\/page"}],"author":[{"embeddable":true,"href":"http:\/\/elsbth.se\/sy\/wp-json\/wp\/v2\/users\/1"}],"replies":[{"embeddable":true,"href":"http:\/\/elsbth.se\/sy\/wp-json\/wp\/v2\/comments?post=9"}],"version-history":[{"count":23,"href":"http:\/\/elsbth.se\/sy\/wp-json\/wp\/v2\/pages\/9\/revisions"}],"predecessor-version":[{"id":1127,"href":"http:\/\/elsbth.se\/sy\/wp-json\/wp\/v2\/pages\/9\/revisions\/1127"}],"wp:attachment":[{"href":"http:\/\/elsbth.se\/sy\/wp-json\/wp\/v2\/media?parent=9"}],"curies":[{"name":"wp","href":"https:\/\/api.w.org\/{rel}","templated":true}]}}